{"version":"1.0","provider_name":"\u0422\u0435\u043b\u0435\u0444\u043e\u043d \u0414\u043e\u0432\u0435\u0440\u0438\u044f \u0420\u0435\u0431\u0451\u043d\u043a\u0430,","provider_url":"https:\/\/telefonulcopilului.md\/ru","author_name":"Sofia","author_url":"https:\/\/telefonulcopilului.md\/ru\/author\/gabriela\/","title":"C\u00e2nd copilul meu este anxios\u2026","type":"rich","width":600,"height":338,"html":"<blockquote class=\"wp-embedded-content\" data-secret=\"bFGJqKy6K9\"><a href=\"https:\/\/telefonulcopilului.md\/ru\/2023\/08\/24\/cand-copilul-meu-este-anxios\/\">\u041a\u043e\u0433\u0434\u0430 \u043c\u043e\u0439 \u0440\u0435\u0431\u0435\u043d\u043e\u043a \u0431\u0435\u0441\u043f\u043e\u043a\u043e\u0438\u0442\u0441\u044f...<\/a><\/blockquote><iframe sandbox=\"allow-scripts\" security=\"restricted\" src=\"https:\/\/telefonulcopilului.md\/ru\/2023\/08\/24\/cand-copilul-meu-este-anxios\/embed\/#?secret=bFGJqKy6K9\" width=\"600\" height=\"338\" title=\"\u00abC\u00e2nd copilul meu este anxios\u2026\u00bb &#8212; Telefonul Copilului\" data-secret=\"bFGJqKy6K9\" frameborder=\"0\" marginwidth=\"0\" marginheight=\"0\" scrolling=\"no\" class=\"wp-embedded-content\"><\/iframe><script type=\"text\/javascript\">\n\/* <![CDATA[ *\/\n\/*! This file is auto-generated *\/\n!function(d,l){\"use strict\";l.querySelector&&d.addEventListener&&\"undefined\"!=typeof URL&&(d.wp=d.wp||{},d.wp.receiveEmbedMessage||(d.wp.receiveEmbedMessage=function(e){var t=e.data;if((t||t.secret||t.message||t.value)&&!\/[^a-zA-Z0-9]\/.test(t.secret)){for(var s,r,n,a=l.querySelectorAll('iframe[data-secret=\"'+t.secret+'\"]'),o=l.querySelectorAll('blockquote[data-secret=\"'+t.secret+'\"]'),c=new RegExp(\"^https?:$\",\"i\"),i=0;i<o.length;i++)o[i].style.display=\"none\";for(i=0;i<a.length;i++)s=a[i],e.source===s.contentWindow&&(s.removeAttribute(\"style\"),\"height\"===t.message?(1e3<(r=parseInt(t.value,10))?r=1e3:~~r<200&&(r=200),s.height=r):\"link\"===t.message&&(r=new URL(s.getAttribute(\"src\")),n=new URL(t.value),c.test(n.protocol))&&n.host===r.host&&l.activeElement===s&&(d.top.location.href=t.value))}},d.addEventListener(\"message\",d.wp.receiveEmbedMessage,!1),l.addEventListener(\"DOMContentLoaded\",function(){for(var e,t,s=l.querySelectorAll(\"iframe.wp-embedded-content\"),r=0;r<s.length;r++)(t=(e=s[r]).getAttribute(\"data-secret\"))||(t=Math.random().toString(36).substring(2,12),e.src+=\"#?secret=\"+t,e.setAttribute(\"data-secret\",t)),e.contentWindow.postMessage({message:\"ready\",secret:t},\"*\")},!1)))}(window,document);\n\/\/# sourceURL=https:\/\/telefonulcopilului.md\/wp-includes\/js\/wp-embed.min.js\n\/* ]]> *\/\n<\/script>","thumbnail_url":"https:\/\/telefonulcopilului.md\/wp-content\/uploads\/2023\/08\/psychologist-supporting-girl-suffering-from-depression-scaled.jpg","thumbnail_width":2560,"thumbnail_height":1708,"description":"Nu folosim foarte des \u00een vorbirea curent\u0103 cuv\u00e2ntul ''anxietate'' \u0219i nici nu ne prea referim la st\u0103rile noastre sau ale copilului nostru ca fiind tr\u0103iri anxioase. Dar dac\u0103 copilul se reg\u0103se\u0219te \u00een vreuna dintre situa\u021biile enumerate mai sus, atunci cel mai probabil tr\u0103ie\u0219te o stare de anxietate. Mai degrab\u0103 suntem familiari cu \u201e\u00eei e fric\u0103\u201d, \u201ese \u00eengrijoreaz\u0103\u201d, \u201ese teme\u201d, \u201e\u00eei e groaz\u0103 s\u0103\u2026\u201d, \u201ee tare preocupat de\u2026\u201d, \u201e\u00eel nelini\u0219te\u0219te c\u0103\u2026\u201d. Toate aceste st\u0103ri de \u00eengrijorare, nelini\u0219te, team\u0103, fric\u0103 le putem grupa sub termenul-umbrel\u0103 de anxietate."}