{"version":"1.0","provider_name":"\u0422\u0435\u043b\u0435\u0444\u043e\u043d \u0414\u043e\u0432\u0435\u0440\u0438\u044f \u0420\u0435\u0431\u0451\u043d\u043a\u0430,","provider_url":"https:\/\/telefonulcopilului.md\/ru","author_name":"Sofia","author_url":"https:\/\/telefonulcopilului.md\/ru\/author\/gabriela\/","title":"21 martie - ziua mondial\u0103 a Sindromului Down","type":"rich","width":600,"height":338,"html":"<blockquote class=\"wp-embedded-content\" data-secret=\"JTDXfL18qi\"><a href=\"https:\/\/telefonulcopilului.md\/ru\/2023\/04\/05\/21-martie-ziua-mondiala-a-sindromului-down\/\">21 martie &#8211; ziua mondial\u0103 a Sindromului Down<\/a><\/blockquote><iframe sandbox=\"allow-scripts\" security=\"restricted\" src=\"https:\/\/telefonulcopilului.md\/ru\/2023\/04\/05\/21-martie-ziua-mondiala-a-sindromului-down\/embed\/#?secret=JTDXfL18qi\" width=\"600\" height=\"338\" title=\"\u00ab21 martie &#8211; ziua mondial\u0103 a Sindromului Down\u00bb &#8212; Telefonul Copilului\" data-secret=\"JTDXfL18qi\" frameborder=\"0\" marginwidth=\"0\" marginheight=\"0\" scrolling=\"no\" class=\"wp-embedded-content\"><\/iframe><script type=\"text\/javascript\">\n\/* <![CDATA[ *\/\n\/*! This file is auto-generated *\/\n!function(d,l){\"use strict\";l.querySelector&&d.addEventListener&&\"undefined\"!=typeof URL&&(d.wp=d.wp||{},d.wp.receiveEmbedMessage||(d.wp.receiveEmbedMessage=function(e){var t=e.data;if((t||t.secret||t.message||t.value)&&!\/[^a-zA-Z0-9]\/.test(t.secret)){for(var s,r,n,a=l.querySelectorAll('iframe[data-secret=\"'+t.secret+'\"]'),o=l.querySelectorAll('blockquote[data-secret=\"'+t.secret+'\"]'),c=new RegExp(\"^https?:$\",\"i\"),i=0;i<o.length;i++)o[i].style.display=\"none\";for(i=0;i<a.length;i++)s=a[i],e.source===s.contentWindow&&(s.removeAttribute(\"style\"),\"height\"===t.message?(1e3<(r=parseInt(t.value,10))?r=1e3:~~r<200&&(r=200),s.height=r):\"link\"===t.message&&(r=new URL(s.getAttribute(\"src\")),n=new URL(t.value),c.test(n.protocol))&&n.host===r.host&&l.activeElement===s&&(d.top.location.href=t.value))}},d.addEventListener(\"message\",d.wp.receiveEmbedMessage,!1),l.addEventListener(\"DOMContentLoaded\",function(){for(var e,t,s=l.querySelectorAll(\"iframe.wp-embedded-content\"),r=0;r<s.length;r++)(t=(e=s[r]).getAttribute(\"data-secret\"))||(t=Math.random().toString(36).substring(2,12),e.src+=\"#?secret=\"+t,e.setAttribute(\"data-secret\",t)),e.contentWindow.postMessage({message:\"ready\",secret:t},\"*\")},!1)))}(window,document);\n\/\/# sourceURL=https:\/\/telefonulcopilului.md\/wp-includes\/js\/wp-embed.min.js\n\/* ]]> *\/\n<\/script>","thumbnail_url":"https:\/\/telefonulcopilului.md\/wp-content\/uploads\/2023\/04\/children-with-down-syndrome-playing-with-toys-scaled.jpg","thumbnail_width":2560,"thumbnail_height":1707,"description":"Ne-am propus ca \u00een aceast\u0103 zi care ne \u00eendeamn\u0103 spre informare \u0219i con\u0219tientizare s\u0103 vorbim despre fenomenul incluziunii copiilor cu CES \u00een \u0219colile de mas\u0103. De ceva timp primim apeluri \u00een care vorbim despre drepturile \u0219i nevoile copiilor cu CES \u0219i fiind \u00een contact cu nel\u0103muririle \u0219i \u00eengrijor\u0103rile ap\u0103rute din partea p\u0103rin\u021bilor, a actorilor implica\u021bi [&hellip;]"}